{"id":30933,"date":"2023-08-15T14:21:05","date_gmt":"2023-08-15T14:21:05","guid":{"rendered":"https:\/\/crearte.studio\/diseno-grafico\/"},"modified":"2024-05-24T19:31:45","modified_gmt":"2024-05-24T19:31:45","slug":"diseno-grafico-mallorca","status":"publish","type":"page","link":"https:\/\/crearte.studio\/es\/diseno-grafico-mallorca\/","title":{"rendered":"dise\u00f1o gr\u00e1fico Mallorca"},"content":{"rendered":"<p>[et_pb_section fb_built=\u00bb1&#8243; admin_label=\u00bbSection\u00bb _builder_version=\u00bb4.21.0&#8243; background_color=\u00bb#FFFFFF\u00bb custom_padding=\u00bb31px|0px|31px|0px|true|\u00bb locked=\u00bboff\u00bb global_colors_info=\u00bb{}\u00bb][et_pb_row admin_label=\u00bbfila\u00bb _builder_version=\u00bb4.16&#8243; background_size=\u00bbinitial\u00bb background_position=\u00bbtop_left\u00bb background_repeat=\u00bbrepeat\u00bb custom_padding=\u00bb27px|0px|0px|0px\u00bb global_colors_info=\u00bb{}\u00bb][et_pb_column type=\u00bb4_4&#8243; _builder_version=\u00bb4.16&#8243; custom_padding=\u00bb|||\u00bb global_colors_info=\u00bb{}\u00bb custom_padding__hover=\u00bb|||\u00bb][et_pb_text admin_label=\u00bbText\u00bb _builder_version=\u00bb4.25.1&#8243; header_font=\u00bb|600||on|||||\u00bb header_text_color=\u00bb#BF368F\u00bb header_font_size=\u00bb32px\u00bb header_3_text_color=\u00bb#252323&#8243; background_size=\u00bbinitial\u00bb background_position=\u00bbtop_left\u00bb background_repeat=\u00bbrepeat\u00bb text_orientation=\u00bbcenter\u00bb background_layout=\u00bbdark\u00bb module_alignment=\u00bbcenter\u00bb global_colors_info=\u00bb{}\u00bb]<\/p>\n<h1 style=\"text-align: center;\">Dise\u00f1o gr\u00e1fico Mallorca<\/h1>\n<p>[\/et_pb_text][et_pb_text _builder_version=\u00bb4.22.0&#8243; _module_preset=\u00bbdefault\u00bb header_text_align=\u00bbcenter\u00bb header_text_color=\u00bb#e1be6a\u00bb header_font_size=\u00bb35px\u00bb header_2_text_align=\u00bbcenter\u00bb header_2_text_color=\u00bb#e1be6a\u00bb header_4_font_size=\u00bb20px\u00bb header_4_line_height=\u00bb1.4em\u00bb custom_margin=\u00bb||-13px|||\u00bb custom_padding=\u00bb||22px|||\u00bb global_colors_info=\u00bb{}\u00bb]<\/p>\n<h2>Im\u00e1genes que reflejen su identidad corporativa<\/h2>\n<p>[\/et_pb_text][\/et_pb_column][\/et_pb_row][\/et_pb_section][et_pb_section fb_built=\u00bb1&#8243; custom_padding_last_edited=\u00bbon|phone\u00bb admin_label=\u00bbSection\u00bb _builder_version=\u00bb4.18.1&#8243; use_background_color_gradient=\u00bbon\u00bb background_color_gradient_stops=\u00bbrgba(10,9,9,0.16) 0%|rgba(10,9,9,0.5) 100%\u00bb background_color_gradient_overlays_image=\u00bbon\u00bb background_image=\u00bbhttps:\/\/crearte.studio\/wp-content\/uploads\/2022\/11\/Untitled-design.png\u00bb parallax=\u00bbon\u00bb custom_padding=\u00bb47px|0px|47px|0px|true|\u00bb custom_padding_tablet=\u00bb50px||50px||false|false\u00bb custom_padding_phone=\u00bb40px||40px||true|false\u00bb locked=\u00bboff\u00bb global_colors_info=\u00bb{}\u00bb][et_pb_row column_structure=\u00bb1_2,1_2&#8243; admin_label=\u00bbfila\u00bb _builder_version=\u00bb4.21.0&#8243; background_size=\u00bbinitial\u00bb background_position=\u00bbtop_left\u00bb background_repeat=\u00bbrepeat\u00bb max_width=\u00bb1400px\u00bb custom_padding=\u00bb0px|0px|27px|0px\u00bb global_colors_info=\u00bb{}\u00bb][et_pb_column type=\u00bb1_2&#8243; _builder_version=\u00bb4.16&#8243; custom_padding=\u00bb|||\u00bb global_colors_info=\u00bb{}\u00bb custom_padding__hover=\u00bb|||\u00bb][et_pb_text _builder_version=\u00bb4.25.1&#8243; _module_preset=\u00bbdefault\u00bb text_text_color=\u00bb#FFFFFF\u00bb text_font_size=\u00bb34px\u00bb text_line_height=\u00bb1.2em\u00bb header_text_color=\u00bb#FFFFFF\u00bb header_font_size=\u00bb46px\u00bb header_line_height=\u00bb1.4em\u00bb header_2_text_color=\u00bb#FFFFFF\u00bb custom_margin=\u00bb3%||||false|false\u00bb custom_padding=\u00bb||||false|false\u00bb header_font_size_tablet=\u00bb40px\u00bb header_font_size_phone=\u00bb30px\u00bb header_font_size_last_edited=\u00bbon|phone\u00bb global_colors_info=\u00bb{}\u00bb]<\/p>\n<p>\u00bfNecesitas im\u00e1genes para redes sociales, presentaciones o tarjetas de visita?<\/p>\n<p>[\/et_pb_text][et_pb_text _builder_version=\u00bb4.25.1&#8243; _module_preset=\u00bbdefault\u00bb text_text_color=\u00bb#FFFFFF\u00bb text_font_size=\u00bb34px\u00bb text_line_height=\u00bb1.6em\u00bb header_text_color=\u00bb#FFFFFF\u00bb header_font_size=\u00bb46px\u00bb header_line_height=\u00bb1.4em\u00bb header_2_text_color=\u00bb#FFFFFF\u00bb custom_padding=\u00bb||||false|false\u00bb header_font_size_tablet=\u00bb40px\u00bb header_font_size_phone=\u00bb30px\u00bb header_font_size_last_edited=\u00bbon|phone\u00bb global_colors_info=\u00bb{}\u00bb]<\/p>\n<h2>Dise\u00f1o gr\u00e1fico Mallorca<\/h2>\n<p>[\/et_pb_text][et_pb_text _builder_version=\u00bb4.25.1&#8243; _module_preset=\u00bbdefault\u00bb text_text_color=\u00bb#FFFFFF\u00bb text_font_size=\u00bb18px\u00bb header_text_color=\u00bb#FFFFFF\u00bb header_2_text_color=\u00bb#FFFFFF\u00bb locked=\u00bboff\u00bb global_colors_info=\u00bb{}\u00bb]<\/p>\n<p>Un dise\u00f1o gr\u00e1fico atractivo no es una mera elecci\u00f3n est\u00e9tica; es una herramienta estrat\u00e9gica que puede influir significativamente en la imagen, la comunicaci\u00f3n, el compromiso y el \u00e9xito general de su empresa.<\/p>\n<p>Al invertir en dise\u00f1o gr\u00e1fico de alta calidad, puede crear una identidad visual cohesiva y atractiva que resuene entre su p\u00fablico objetivo.<\/p>\n<p>Ya sean im\u00e1genes para redes sociales, folletos, presentaciones, merchandising o tarjetas de visita, nosotros lo creamos todo. Entendemos la importancia de unos elementos visuales claros y coherentes, que respiren tu identidad corporativa y que resuenen en tu grupo meta.<\/p>\n<p>[\/et_pb_text][\/et_pb_column][et_pb_column type=\u00bb1_2&#8243; _builder_version=\u00bb4.21.0&#8243; background_color=\u00bb#BF368F\u00bb custom_padding=\u00bb|||\u00bb global_colors_info=\u00bb{}\u00bb custom_padding__hover=\u00bb|||\u00bb][et_pb_image src=\u00bbhttps:\/\/crearte.studio\/wp-content\/uploads\/2024\/05\/graphic-design-mallorca.jpg\u00bb alt=\u00bbDise\u00f1o gr\u00e1fico Mallorca\u00bb title_text=\u00bbDise\u00f1o gr\u00e1fico Mallorca\u00bb _builder_version=\u00bb4.25.1&#8243; _module_preset=\u00bbdefault\u00bb custom_margin=\u00bb3%|3%|3%|3%|true|true\u00bb custom_padding=\u00bb||||false|false\u00bb global_colors_info=\u00bb{}\u00bb][\/et_pb_image][\/et_pb_column][\/et_pb_row][\/et_pb_section][et_pb_section fb_built=\u00bb1&#8243; _builder_version=\u00bb4.21.0&#8243; _module_preset=\u00bbdefault\u00bb custom_margin=\u00bb-3px|||||\u00bb custom_padding=\u00bb41px||49px|||\u00bb global_colors_info=\u00bb{}\u00bb][et_pb_row _builder_version=\u00bb4.21.0&#8243; _module_preset=\u00bbdefault\u00bb global_colors_info=\u00bb{}\u00bb][et_pb_column type=\u00bb4_4&#8243; _builder_version=\u00bb4.21.0&#8243; _module_preset=\u00bbdefault\u00bb global_colors_info=\u00bb{}\u00bb][et_pb_text _builder_version=\u00bb4.25.1&#8243; _module_preset=\u00bbdefault\u00bb text_font=\u00bb||||||||\u00bb text_text_color=\u00bb#7f7777&#8243; text_font_size=\u00bb15px\u00bb header_font=\u00bb|||on|||||\u00bb header_text_color=\u00bb#E1BE6A\u00bb header_font_size=\u00bb25px\u00bb header_3_text_color=\u00bb#252323&#8243; background_size=\u00bbinitial\u00bb background_position=\u00bbtop_left\u00bb background_repeat=\u00bbrepeat\u00bb text_orientation=\u00bbcenter\u00bb background_layout=\u00bbdark\u00bb module_alignment=\u00bbcenter\u00bb global_colors_info=\u00bb{}\u00bb]<\/p>\n<p style=\"text-align: center;\"><strong>DISE\u00d1O GR\u00c1FICO MALLORCA<\/strong><\/p>\n<p>[\/et_pb_text][et_pb_text _builder_version=\u00bb4.25.1&#8243; _module_preset=\u00bbdefault\u00bb text_font=\u00bb|||on|||||\u00bb text_text_color=\u00bb#D5A93D\u00bb text_font_size=\u00bb25px\u00bb header_font=\u00bb|||on|||||\u00bb header_text_color=\u00bb#E1BE6A\u00bb header_font_size=\u00bb25px\u00bb header_3_text_color=\u00bb#252323&#8243; background_size=\u00bbinitial\u00bb background_position=\u00bbtop_left\u00bb background_repeat=\u00bbrepeat\u00bb text_orientation=\u00bbcenter\u00bb background_layout=\u00bbdark\u00bb module_alignment=\u00bbcenter\u00bb global_colors_info=\u00bb{}\u00bb]<\/p>\n<p style=\"text-align: center;\">Nuestros servicios de dise\u00f1o gr\u00e1fico:<\/p>\n<p>[\/et_pb_text][et_pb_text _builder_version=\u00bb4.25.1&#8243; _module_preset=\u00bbdefault\u00bb text_font=\u00bb||on||||||\u00bb text_text_color=\u00bb#7f7777&#8243; header_font=\u00bb|||on|||||\u00bb header_text_color=\u00bb#E1BE6A\u00bb header_font_size=\u00bb25px\u00bb header_3_text_color=\u00bb#252323&#8243; background_size=\u00bbinitial\u00bb background_position=\u00bbtop_left\u00bb background_repeat=\u00bbrepeat\u00bb text_orientation=\u00bbcenter\u00bb background_layout=\u00bbdark\u00bb module_alignment=\u00bbcenter\u00bb global_colors_info=\u00bb{}\u00bb]<\/p>\n<p>Descubre el potencial de nuestros dise\u00f1os atractivos con nuestros excelentes servicios de dise\u00f1o gr\u00e1fico en Mallorca. Cu\u00e9ntanos sobre tu empresa y crearemos una marca s\u00f3lida gracias a nuestra visi\u00f3n y creatividad. Desde un logotipo llamativo hasta dise\u00f1os para redes sociales, boletines informativos, presentaciones, tarjetas de visita y plantillas corporativas, nuestro incre\u00edble equipo aporta creatividad y experiencia a cada proyecto. Trabajaremos estrechamente contigo para entender tu visi\u00f3n y crear dise\u00f1os que dejen una impresi\u00f3n y aumenten tu visibilidad. Te ayudamos a fortalecer la identidad de tu marca y destacarte con nuestras soluciones de dise\u00f1o gr\u00e1fico a medida. Hagamos realidad tus ideas y hagamos una declaraci\u00f3n audaz en Mallorca y m\u00e1s all\u00e1. \u00a1Imagination is the beginning of creation!<\/p>\n<p>[\/et_pb_text][\/et_pb_column][\/et_pb_row][et_pb_row column_structure=\u00bb1_6,1_6,1_6,1_6,1_6,1_6&#8243; _builder_version=\u00bb4.16&#8243; locked=\u00bboff\u00bb global_colors_info=\u00bb{}\u00bb][et_pb_column type=\u00bb1_6&#8243; _builder_version=\u00bb4.16&#8243; global_colors_info=\u00bb{}\u00bb][et_pb_blurb title=\u00bbIm\u00e1genes para redes sociales\u00bb use_icon=\u00bbon\u00bb font_icon=\u00bb&#xe0c8;||divi||400&#8243; icon_color=\u00bb#FFFFFF\u00bb image_icon_background_color=\u00bb#BF368F\u00bb image_icon_width=\u00bb48px\u00bb _builder_version=\u00bb4.22.0&#8243; header_font=\u00bb|600||on|||||\u00bb header_text_color=\u00bb#BF368F\u00bb header_font_size=\u00bb16px\u00bb header_line_height=\u00bb1.4em\u00bb image_icon_custom_padding=\u00bb25px|25px|25px|25px|false|false\u00bb text_orientation=\u00bbcenter\u00bb border_radii_image=\u00bbon|100%|100%|100%|100%\u00bb use_circle=\u00bbon\u00bb global_colors_info=\u00bb{}\u00bb image_icon_background_color__sticky_enabled=\u00bb#e1be6a\u00bb image_icon_background_color__sticky=\u00bb#e1be6a\u00bb]<\/p>\n<p>Creamos im\u00e1genes con tu mensaje para que pueda utilizarlas en sus redes sociales.<\/p>\n<p>[\/et_pb_blurb][\/et_pb_column][et_pb_column type=\u00bb1_6&#8243; _builder_version=\u00bb4.16&#8243; global_colors_info=\u00bb{}\u00bb][et_pb_blurb title=\u00bbpaquete canva branding\u00bb use_icon=\u00bbon\u00bb font_icon=\u00bb&#xf111;||fa||900&#8243; icon_color=\u00bb#FFFFFF\u00bb image_icon_background_color=\u00bb#BF368F\u00bb image_icon_width=\u00bb48px\u00bb _builder_version=\u00bb4.22.0&#8243; header_font=\u00bb|600||on|||||\u00bb header_text_color=\u00bb#BF368F\u00bb header_font_size=\u00bb16px\u00bb header_line_height=\u00bb1.4em\u00bb image_icon_custom_padding=\u00bb25px|25px|25px|25px|false|false\u00bb text_orientation=\u00bbcenter\u00bb border_radii_image=\u00bbon|100%|100%|100%|100%\u00bb use_circle=\u00bbon\u00bb global_colors_info=\u00bb{}\u00bb image_icon_background_color__sticky_enabled=\u00bb#e1be6a\u00bb image_icon_background_color__sticky=\u00bb#e1be6a\u00bb]<\/p>\n<p>Configuraci\u00f3n completa, incluidos los elementos visuales de su identidad corporativa + tutorial en v\u00eddeo<\/p>\n<p>[\/et_pb_blurb][\/et_pb_column][et_pb_column type=\u00bb1_6&#8243; _builder_version=\u00bb4.16&#8243; global_colors_info=\u00bb{}\u00bb][et_pb_blurb title=\u00bbdise\u00f1o de boletines\u00bb use_icon=\u00bbon\u00bb font_icon=\u00bb&#xe076;||divi||400&#8243; icon_color=\u00bb#FFFFFF\u00bb image_icon_background_color=\u00bb#BF368F\u00bb image_icon_width=\u00bb48px\u00bb _builder_version=\u00bb4.22.0&#8243; header_font=\u00bb|600||on|||||\u00bb header_text_color=\u00bb#BF368F\u00bb header_font_size=\u00bb16px\u00bb header_line_height=\u00bb1.4em\u00bb image_icon_custom_padding=\u00bb25px|25px|25px|25px|false|false\u00bb text_orientation=\u00bbcenter\u00bb border_radii_image=\u00bbon|100%|100%|100%|100%\u00bb use_circle=\u00bbon\u00bb global_colors_info=\u00bb{}\u00bb image_icon_background_color__sticky_enabled=\u00bb#e1be6a\u00bb image_icon_background_color__sticky=\u00bb#e1be6a\u00bb]<\/p>\n<p>Creamos la plantilla + videotutorial explicando c\u00f3mo realizar cambios para futuros boletines<\/p>\n<p>[\/et_pb_blurb][\/et_pb_column][et_pb_column type=\u00bb1_6&#8243; _builder_version=\u00bb4.16&#8243; global_colors_info=\u00bb{}\u00bb][et_pb_blurb title=\u00bbpresentaciones\u00bb use_icon=\u00bbon\u00bb font_icon=\u00bb&#xe0f0;||divi||400&#8243; icon_color=\u00bb#FFFFFF\u00bb image_icon_background_color=\u00bb#BF368F\u00bb image_icon_width=\u00bb48px\u00bb _builder_version=\u00bb4.22.0&#8243; header_font=\u00bb|600||on|||||\u00bb header_text_color=\u00bb#BF368F\u00bb header_font_size=\u00bb16px\u00bb header_line_height=\u00bb1.4em\u00bb image_icon_custom_padding=\u00bb25px|25px|25px|25px|false|false\u00bb text_orientation=\u00bbcenter\u00bb border_radii_image=\u00bbon|100%|100%|100%|100%\u00bb use_circle=\u00bbon\u00bb global_colors_info=\u00bb{}\u00bb image_icon_background_color__sticky_enabled=\u00bb#e1be6a\u00bb image_icon_background_color__sticky=\u00bb#e1be6a\u00bb]<\/p>\n<p>Tu documento Word se convierte en una presentaci\u00f3n interactiva y clara con apoyo visual.<\/p>\n<p>[\/et_pb_blurb][\/et_pb_column][et_pb_column type=\u00bb1_6&#8243; _builder_version=\u00bb4.16&#8243; global_colors_info=\u00bb{}\u00bb][et_pb_blurb title=\u00bbtarjetas de visita\u00bb use_icon=\u00bbon\u00bb font_icon=\u00bb&#xf2c2;||fa||900&#8243; icon_color=\u00bb#FFFFFF\u00bb image_icon_background_color=\u00bb#BF368F\u00bb image_icon_width=\u00bb48px\u00bb _builder_version=\u00bb4.22.0&#8243; header_font=\u00bb|600||on|||||\u00bb header_text_color=\u00bb#BF368F\u00bb header_font_size=\u00bb16px\u00bb header_line_height=\u00bb1.4em\u00bb image_icon_custom_padding=\u00bb25px|25px|25px|25px|false|false\u00bb text_orientation=\u00bbcenter\u00bb border_radii_image=\u00bbon|100%|100%|100%|100%\u00bb use_circle=\u00bbon\u00bb global_colors_info=\u00bb{}\u00bb image_icon_background_color__sticky_enabled=\u00bb#e1be6a\u00bb image_icon_background_color__sticky=\u00bb#e1be6a\u00bb]<\/p>\n<p>La primera impresi\u00f3n perdura y la tarjeta de visita refleja tu imagen. \u00a1Hacemos que sea memorable!<\/p>\n<p>[\/et_pb_blurb][\/et_pb_column][et_pb_column type=\u00bb1_6&#8243; _builder_version=\u00bb4.16&#8243; global_colors_info=\u00bb{}\u00bb][et_pb_blurb title=\u00bbfolletos\u00bb use_icon=\u00bbon\u00bb font_icon=\u00bb&#xe086;||divi||400&#8243; icon_color=\u00bb#FFFFFF\u00bb image_icon_background_color=\u00bb#BF368F\u00bb image_icon_width=\u00bb48px\u00bb _builder_version=\u00bb4.22.0&#8243; header_font=\u00bb|600||on|||||\u00bb header_text_color=\u00bb#BF368F\u00bb header_font_size=\u00bb16px\u00bb header_line_height=\u00bb1.4em\u00bb image_icon_custom_padding=\u00bb25px|25px|25px|25px|false|false\u00bb text_orientation=\u00bbcenter\u00bb border_radii_image=\u00bbon|100%|100%|100%|100%\u00bb use_circle=\u00bbon\u00bb global_colors_info=\u00bb{}\u00bb image_icon_background_color__sticky_enabled=\u00bb#e1be6a\u00bb image_icon_background_color__sticky=\u00bb#e1be6a\u00bb]<\/p>\n<p>La esencia de tu empresa en un bonito folleto para mostrar a clientes potenciales.<\/p>\n<p>[\/et_pb_blurb][\/et_pb_column][\/et_pb_row][\/et_pb_section][et_pb_section fb_built=\u00bb1&#8243; disabled_on=\u00bboff|off|off\u00bb _builder_version=\u00bb4.22.0&#8243; _module_preset=\u00bbdefault\u00bb background_color=\u00bbrgba(191,54,143,0.03)\u00bb background_enable_image=\u00bboff\u00bb parallax=\u00bbon\u00bb parallax_method=\u00bboff\u00bb custom_padding=\u00bb3px||8px||false|\u00bb global_colors_info=\u00bb{}\u00bb][et_pb_row column_structure=\u00bb1_2,1_2&#8243; use_custom_gutter=\u00bbon\u00bb gutter_width=\u00bb2&#8243; make_equal=\u00bbon\u00bb _builder_version=\u00bb4.22.2&#8243; _module_preset=\u00bbdefault\u00bb background_enable_color=\u00bboff\u00bb max_width=\u00bb1400px\u00bb module_alignment=\u00bbcenter\u00bb custom_margin=\u00bb4.2%|5%|4.2%|5%|true|true\u00bb custom_padding=\u00bb1px||0px|||\u00bb global_colors_info=\u00bb{}\u00bb][et_pb_column type=\u00bb1_2&#8243; _builder_version=\u00bb4.22.0&#8243; _module_preset=\u00bbdefault\u00bb background_color=\u00bb#FFFFFF\u00bb background_enable_color=\u00bboff\u00bb custom_padding=\u00bb5%|5%|5%|5%|true|true\u00bb box_shadow_style=\u00bbpreset2&#8243; global_colors_info=\u00bb{}\u00bb][et_pb_text _builder_version=\u00bb4.22.0&#8243; _module_preset=\u00bbdefault\u00bb header_font=\u00bb||||||||\u00bb header_text_align=\u00bbcenter\u00bb header_text_color=\u00bb#BF368F\u00bb header_font_size=\u00bb35px\u00bb header_2_text_align=\u00bbcenter\u00bb header_2_text_color=\u00bb#ffffff\u00bb custom_padding=\u00bb||7px|||\u00bb global_colors_info=\u00bb{}\u00bb]<\/p>\n<h2>DESTACADO<\/h2>\n<h1>Paquete CANVA Branding<\/h1>\n<p>[\/et_pb_text][et_pb_blurb use_icon=\u00bbon\u00bb image_icon_background_color=\u00bb#ffffff\u00bb image_icon_width=\u00bb84px\u00bb _builder_version=\u00bb4.22.0&#8243; _module_preset=\u00bbdefault\u00bb header_text_color=\u00bb#BF368F\u00bb header_font_size=\u00bb20px\u00bb body_text_color=\u00bb#252323&#8243; body_font_size=\u00bb18px\u00bb image_icon_custom_padding=\u00bb25px|25px|25px|25px|false|false\u00bb text_orientation=\u00bbcenter\u00bb background_layout=\u00bbdark\u00bb custom_margin=\u00bb55px||31px|||\u00bb custom_padding=\u00bb||36px|||\u00bb border_radii_image=\u00bbon|100%|100%|100%|100%\u00bb border_width_all_image=\u00bb3px\u00bb border_color_all_image=\u00bb#e1be6a\u00bb use_circle=\u00bbon\u00bb use_circle_border=\u00bbon\u00bb circle_border_color=\u00bb#e1be6a\u00bb circle_color=\u00bb#ffffff\u00bb locked=\u00bboff\u00bb global_colors_info=\u00bb{}\u00bb image_icon_background_color__sticky_enabled=\u00bb#e1be6a\u00bb image_icon_background_color__sticky=\u00bb#e1be6a\u00bb]<\/p>\n<p>\u00bfSuficientemente impregnado de CANVA para crear la atm\u00f3sfera adecuada?<\/p>\n<p>D\u00e9jenos ayudarte.<\/p>\n<p>Si nunca has probado Canva, no te preocupes, \u00a1no eres el \u00fanico!<\/p>\n<p>[\/et_pb_blurb][et_pb_blurb title=\u00bb\u00bfC\u00f3mo lo afrontamos?\u00bb use_icon=\u00bbon\u00bb image_icon_background_color=\u00bb#ffffff\u00bb image_icon_width=\u00bb84px\u00bb _builder_version=\u00bb4.22.0&#8243; _module_preset=\u00bbdefault\u00bb header_text_color=\u00bb#BF368F\u00bb header_font_size=\u00bb20px\u00bb body_text_color=\u00bb#252323&#8243; body_font_size=\u00bb18px\u00bb image_icon_custom_padding=\u00bb25px|25px|25px|25px|false|false\u00bb text_orientation=\u00bbcenter\u00bb background_layout=\u00bbdark\u00bb custom_margin=\u00bb||31px|||\u00bb custom_padding=\u00bb||4px|||\u00bb border_radii_image=\u00bbon|100%|100%|100%|100%\u00bb border_width_all_image=\u00bb3px\u00bb border_color_all_image=\u00bb#e1be6a\u00bb use_circle=\u00bbon\u00bb use_circle_border=\u00bbon\u00bb circle_border_color=\u00bb#e1be6a\u00bb circle_color=\u00bb#ffffff\u00bb locked=\u00bboff\u00bb global_colors_info=\u00bb{}\u00bb image_icon_background_color__sticky_enabled=\u00bb#e1be6a\u00bb image_icon_background_color__sticky=\u00bb#e1be6a\u00bb]<\/p>\n<ol>\n<li style=\"text-align: left;\">Te suscribes a CANVA y proporcionas tu material de identidad corporativa.<\/li>\n<li style=\"text-align: left;\">Configuramos el entorno en Canva.<\/li>\n<li style=\"text-align: left;\">Dise\u00f1amos 8 visuales diferentes de tu marca corporativa en Canva.<\/li>\n<li style=\"text-align: left;\">Te explicamos c\u00f3mo puedes hacer ajustes y cambios t\u00fa mismo<\/li>\n<li style=\"text-align: left;\">Puedes editar, cambiar, duplicar, crear nuevo y lanzar el contenido.<\/li>\n<\/ol>\n<p>[\/et_pb_blurb][et_pb_blurb title=\u00bbIncluyendo\u00bb use_icon=\u00bbon\u00bb image_icon_background_color=\u00bb#ffffff\u00bb image_icon_width=\u00bb84px\u00bb _builder_version=\u00bb4.22.0&#8243; _module_preset=\u00bbdefault\u00bb header_text_color=\u00bb#BF368F\u00bb header_font_size=\u00bb20px\u00bb body_text_color=\u00bb#252323&#8243; body_font_size=\u00bb18px\u00bb image_icon_custom_padding=\u00bb25px|25px|25px|25px|false|false\u00bb text_orientation=\u00bbcenter\u00bb background_layout=\u00bbdark\u00bb custom_margin=\u00bb||1px|||\u00bb custom_padding=\u00bb||12px|||\u00bb border_radii_image=\u00bbon|100%|100%|100%|100%\u00bb border_width_all_image=\u00bb3px\u00bb border_color_all_image=\u00bb#e1be6a\u00bb use_circle=\u00bbon\u00bb use_circle_border=\u00bbon\u00bb circle_border_color=\u00bb#e1be6a\u00bb circle_color=\u00bb#ffffff\u00bb locked=\u00bboff\u00bb global_colors_info=\u00bb{}\u00bb image_icon_background_color__sticky_enabled=\u00bb#e1be6a\u00bb image_icon_background_color__sticky=\u00bb#e1be6a\u00bb]<\/p>\n<p>\u2022 creaci\u00f3n de visuales &amp; plantillas para medios online<br \/>\u2022 1 sesi\u00f3n de videoconferencia de 1 hora<\/p>\n<p>[\/et_pb_blurb][\/et_pb_column][et_pb_column type=\u00bb1_2&#8243; _builder_version=\u00bb4.22.0&#8243; _module_preset=\u00bbdefault\u00bb background_color=\u00bbRGBA(255,255,255,0)\u00bb custom_padding=\u00bb5%|5%|5%|5%|true|true\u00bb global_colors_info=\u00bb{}\u00bb][et_pb_image src=\u00bbhttps:\/\/crearte.studio\/wp-content\/uploads\/2023\/08\/crearte.studio_canva_package_.png\u00bb title_text=\u00bbcrearte.studio_canva_package_\u00bb _builder_version=\u00bb4.22.0&#8243; _module_preset=\u00bbdefault\u00bb global_colors_info=\u00bb{}\u00bb][\/et_pb_image][et_pb_blurb title=\u00bbCanva ya no tendr\u00e1 secretos para ti\u00bb use_icon=\u00bbon\u00bb image_icon_background_color=\u00bb#ffffff\u00bb image_icon_width=\u00bb84px\u00bb _builder_version=\u00bb4.22.0&#8243; _module_preset=\u00bbdefault\u00bb header_font=\u00bb||on||||||\u00bb header_text_color=\u00bb#BF368F\u00bb header_font_size=\u00bb20px\u00bb body_text_color=\u00bb#FFFFFF\u00bb body_font_size=\u00bb18px\u00bb image_icon_custom_padding=\u00bb25px|25px|25px|25px|false|false\u00bb text_orientation=\u00bbcenter\u00bb background_layout=\u00bbdark\u00bb custom_margin=\u00bb||65px|||\u00bb custom_padding=\u00bb||4px|||\u00bb border_radii_image=\u00bbon|100%|100%|100%|100%\u00bb border_width_all_image=\u00bb3px\u00bb border_color_all_image=\u00bb#e1be6a\u00bb use_circle=\u00bbon\u00bb use_circle_border=\u00bbon\u00bb circle_border_color=\u00bb#e1be6a\u00bb circle_color=\u00bb#ffffff\u00bb locked=\u00bboff\u00bb global_colors_info=\u00bb{}\u00bb image_icon_background_color__sticky_enabled=\u00bb#e1be6a\u00bb image_icon_background_color__sticky=\u00bb#e1be6a\u00bb][\/et_pb_blurb][\/et_pb_column][\/et_pb_row][\/et_pb_section][et_pb_section fb_built=\u00bb1&#8243; _builder_version=\u00bb4.25.1&#8243; _module_preset=\u00bbdefault\u00bb background_color=\u00bbrgba(213,169,61,0.1)\u00bb custom_padding=\u00bb2%||||false|false\u00bb locked=\u00bboff\u00bb global_colors_info=\u00bb{}\u00bb][et_pb_row _builder_version=\u00bb4.22.1&#8243; _module_preset=\u00bbdefault\u00bb locked=\u00bboff\u00bb global_colors_info=\u00bb{}\u00bb][et_pb_column type=\u00bb4_4&#8243; _builder_version=\u00bb4.22.1&#8243; _module_preset=\u00bbdefault\u00bb global_colors_info=\u00bb{}\u00bb][et_pb_text _builder_version=\u00bb4.25.1&#8243; _module_preset=\u00bbdefault\u00bb text_font=\u00bb|||on|||||\u00bb text_text_color=\u00bb#D5A93D\u00bb text_font_size=\u00bb25px\u00bb header_font=\u00bb|||on|||||\u00bb header_text_color=\u00bb#E1BE6A\u00bb header_font_size=\u00bb25px\u00bb header_3_text_color=\u00bb#252323&#8243; background_size=\u00bbinitial\u00bb background_position=\u00bbtop_left\u00bb background_repeat=\u00bbrepeat\u00bb text_orientation=\u00bbcenter\u00bb background_layout=\u00bbdark\u00bb module_alignment=\u00bbcenter\u00bb locked=\u00bboff\u00bb global_colors_info=\u00bb{}\u00bb]<\/p>\n<p>CLIENTES FELICES<\/p>\n<p>[\/et_pb_text][\/et_pb_column][\/et_pb_row][et_pb_row column_structure=\u00bb1_2,1_2&#8243; use_custom_gutter=\u00bbon\u00bb gutter_width=\u00bb2&#8243; admin_label=\u00bb\u00c1rea de testimonios\u00bb _builder_version=\u00bb4.22.1&#8243; max_width=\u00bb1400px\u00bb custom_padding=\u00bb5px||0px|||\u00bb locked=\u00bboff\u00bb global_colors_info=\u00bb{}\u00bb][et_pb_column type=\u00bb1_2&#8243; _builder_version=\u00bb4.21.0&#8243; background_color=\u00bbRGBA(255,255,255,0)\u00bb background_enable_image=\u00bboff\u00bb custom_padding=\u00bb60px|60px|60px|60px\u00bb custom_padding_tablet=\u00bb\u00bb custom_padding_phone=\u00bb|40px||40px\u00bb custom_padding_last_edited=\u00bbon|phone\u00bb global_colors_info=\u00bb{}\u00bb padding_phone=\u00bb|40px||40px\u00bb padding_last_edited=\u00bbon|phone\u00bb custom_padding__hover=\u00bb|||\u00bb][et_pb_testimonial author=\u00bbStephanie De Coninck\u00bb job_title=\u00bbMarketing &amp; Sales Manager\u00bb company_name=\u00bbdesignshopp.be\u00bb url_new_window=\u00bbon\u00bb portrait_url=\u00bbhttps:\/\/crearte.studio\/wp-content\/uploads\/2020\/12\/stephanie-deconinck.jpg\u00bb quote_icon_color=\u00bb#e1be6a\u00bb _builder_version=\u00bb4.22.1&#8243; body_text_color=\u00bb#FFFFFF\u00bb author_text_color=\u00bb#E1BE6A\u00bb position_text_color=\u00bb#FFFFFF\u00bb company_text_color=\u00bb#FFFFFF\u00bb background_color=\u00bb#BF368F\u00bb background_enable_image=\u00bboff\u00bb background_size=\u00bbinitial\u00bb background_position=\u00bbtop_left\u00bb background_repeat=\u00bbrepeat\u00bb background_layout=\u00bbdark\u00bb custom_padding=\u00bb44px||41px|||\u00bb border_width_all=\u00bb0px\u00bb border_color_all=\u00bb#ffffff\u00bb border_style_all=\u00bbsolid\u00bb border_radii_portrait=\u00bbon|75px|75px|75px|75px\u00bb border_width_all_portrait=\u00bb2px\u00bb border_color_all_portrait=\u00bb#e1be6a\u00bb box_shadow_style=\u00bbpreset2&#8243; use_border_color=\u00bbon\u00bb portrait_border_radius=\u00bb75px\u00bb locked=\u00bboff\u00bb global_colors_info=\u00bb{}\u00bb]<\/p>\n<p>\u00a1Tuvimos una experiencia super buena trabajando con CreArte Studio! Natalie te lleva de viaje y te gu\u00eda durante todo el trayecto. Esto da una sensaci\u00f3n muy segura y \u00a1estamos muy contentos con los resultados! Es exactamente como quer\u00edamos.<\/p>\n<p>Sabe escuchar, es amable y tambi\u00e9n piensa en soluciones. Sabe lo que hace. Me encant\u00f3 nuestra colaboraci\u00f3n y sin duda recomiendo trabajar con Natalie.<\/p>\n<p>[\/et_pb_testimonial][\/et_pb_column][et_pb_column type=\u00bb1_2&#8243; _builder_version=\u00bb4.21.0&#8243; background_color=\u00bbRGBA(255,255,255,0)\u00bb background_enable_image=\u00bboff\u00bb custom_padding=\u00bb60px|60px|60px|60px\u00bb custom_padding_tablet=\u00bb\u00bb custom_padding_phone=\u00bb|40px||40px\u00bb custom_padding_last_edited=\u00bbon|phone\u00bb global_colors_info=\u00bb{}\u00bb padding_phone=\u00bb|40px||40px\u00bb padding_last_edited=\u00bbon|phone\u00bb custom_padding__hover=\u00bb|||\u00bb][et_pb_testimonial author=\u00bbAndy Van den Eede\u00bb job_title=\u00bbFounder\u00bb company_name=\u00bbFashion Events\u00bb url_new_window=\u00bbon\u00bb portrait_url=\u00bbhttps:\/\/crearte.studio\/wp-content\/uploads\/2020\/10\/andy.jpeg\u00bb quote_icon_color=\u00bb#e1be6a\u00bb _builder_version=\u00bb4.22.1&#8243; body_text_color=\u00bb#FFFFFF\u00bb author_text_color=\u00bb#E1BE6A\u00bb position_text_color=\u00bb#FFFFFF\u00bb company_text_color=\u00bb#FFFFFF\u00bb background_color=\u00bb#BF368F\u00bb background_enable_image=\u00bboff\u00bb background_size=\u00bbinitial\u00bb background_position=\u00bbtop_left\u00bb background_repeat=\u00bbrepeat\u00bb background_layout=\u00bbdark\u00bb custom_margin=\u00bb||47px|||\u00bb custom_padding=\u00bb44px||41px|||\u00bb border_width_all=\u00bb0px\u00bb border_color_all=\u00bb#ffffff\u00bb border_style_all=\u00bbsolid\u00bb border_radii_portrait=\u00bbon|75px|75px|75px|75px\u00bb border_width_all_portrait=\u00bb2px\u00bb border_color_all_portrait=\u00bb#e1be6a\u00bb box_shadow_style=\u00bbpreset2&#8243; use_border_color=\u00bbon\u00bb portrait_border_radius=\u00bb75px\u00bb locked=\u00bboff\u00bb global_colors_info=\u00bb{}\u00bb]<\/p>\n<p>El pie de p\u00e1gina de nuestro sitio web dice \u00abHecho con amor por CreArte Studio\u00bb, y esto puede tomarse al pie de la letra.<\/p>\n<p>Nuestro sitio web y nuestra colaboraci\u00f3n se basan en el asesoramiento profesional y la experiencia de Natalie (CreArte Studio), que siempre se entrega en cuerpo y alma a los nuevos encargos.<\/p>\n<p>Adem\u00e1s de dise\u00f1ar nuestro logotipo y nuestra p\u00e1gina web, tambi\u00e9n es muy activa a la hora de pensar en la estrategia y la misi\u00f3n de nuestra organizaci\u00f3n. Una colaboraci\u00f3n con CreArte Studio incluye, por tanto, un paquete total de servicios, pero tambi\u00e9n una visi\u00f3n fresca e innovadora sobre el futuro de nuestras empresas.<\/p>\n<p>[\/et_pb_testimonial][\/et_pb_column][\/et_pb_row][\/et_pb_section][et_pb_section fb_built=\u00bb1&#8243; custom_padding_last_edited=\u00bbon|phone\u00bb _builder_version=\u00bb4.22.0&#8243; _module_preset=\u00bbdefault\u00bb use_background_color_gradient=\u00bbon\u00bb background_color_gradient_stops=\u00bbrgba(10,9,9,0.75) 0%|rgba(10,9,9,0.77) 99%\u00bb background_color_gradient_overlays_image=\u00bbon\u00bb background_image=\u00bbhttps:\/\/crearte.studio\/wp-content\/uploads\/2022\/11\/Untitled-design.png\u00bb parallax=\u00bbon\u00bb custom_margin=\u00bb-1px|||||\u00bb custom_padding=\u00bb3%|0px|3%|0px|true|false\u00bb custom_padding_tablet=\u00bb3%|0px|3%|0px|true|false\u00bb custom_padding_phone=\u00bb3%|0px|3%|0px|true|false\u00bb global_colors_info=\u00bb{}\u00bb][et_pb_row column_structure=\u00bb1_5,3_5,1_5&#8243; custom_padding_last_edited=\u00bbon|phone\u00bb admin_label=\u00bb\u00c1rea de opci\u00f3n a email\u00bb _builder_version=\u00bb4.16&#8243; custom_margin=\u00bb||||false|false\u00bb custom_margin_tablet=\u00bb\u00bb custom_margin_phone=\u00bb||||false|false\u00bb custom_margin_last_edited=\u00bbon|phone\u00bb custom_padding=\u00bb0px||0px|\u00bb custom_padding_tablet=\u00bb\u00bb custom_padding_phone=\u00bb0%||0%||true|false\u00bb locked=\u00bboff\u00bb global_colors_info=\u00bb{}\u00bb][et_pb_column type=\u00bb1_5&#8243; _builder_version=\u00bb4.16&#8243; custom_padding=\u00bb|||\u00bb global_colors_info=\u00bb{}\u00bb custom_padding__hover=\u00bb|||\u00bb][\/et_pb_column][et_pb_column type=\u00bb3_5&#8243; _builder_version=\u00bb4.16&#8243; custom_padding=\u00bb|||\u00bb global_colors_info=\u00bb{}\u00bb custom_padding__hover=\u00bb|||\u00bb][et_pb_text _builder_version=\u00bb4.25.1&#8243; _module_preset=\u00bbdefault\u00bb text_text_color=\u00bb#ffffff\u00bb header_text_color=\u00bb#252323&#8243; header_2_text_color=\u00bb#252323&#8243; header_3_text_color=\u00bb#ffffff\u00bb header_4_text_color=\u00bb#E1BE6A\u00bb header_4_font_size=\u00bb29px\u00bb custom_margin=\u00bb|-63px||-63px||true\u00bb custom_margin_tablet=\u00bb|-63px||-63px||true\u00bb custom_margin_phone=\u00bb|0px||0px|false|true\u00bb custom_margin_last_edited=\u00bbon|phone\u00bb custom_padding=\u00bb5%||||false|false\u00bb header_font_size_tablet=\u00bb\u00bb header_font_size_phone=\u00bb25px\u00bb header_font_size_last_edited=\u00bbon|phone\u00bb header_2_font_size_tablet=\u00bb\u00bb header_2_font_size_phone=\u00bb23px\u00bb header_2_font_size_last_edited=\u00bbon|phone\u00bb locked=\u00bboff\u00bb global_colors_info=\u00bb{}\u00bb]<\/p>\n<h4 style=\"text-align: center;\">\u00bfTe gustar\u00eda tener tambi\u00e9n unos bonitos visuales?<\/h4>\n<h3 style=\"text-align: center;\"><\/h3>\n<h3 style=\"text-align: center;\"><\/h3>\n<h4 style=\"text-align: center;\">\u00a1Ponte en contacto con nosotros!<\/h4>\n<p>[\/et_pb_text][et_pb_blurb title=\u00bbHaga clic aqu\u00ed para enviarnos un correo electr\u00f3nico\u00bb url=\u00bbmailto:natalie@crearte.studio\u00bb url_new_window=\u00bbon\u00bb use_icon=\u00bbon\u00bb font_icon=\u00bb&#xe076;||divi||400&#8243; icon_color=\u00bb#BF368F\u00bb image_icon_background_color=\u00bb#ffffff\u00bb image_icon_width=\u00bb48px\u00bb admin_label=\u00bbBlurb\u00bb _builder_version=\u00bb4.25.1&#8243; background_size=\u00bbinitial\u00bb background_position=\u00bbtop_left\u00bb background_repeat=\u00bbrepeat\u00bb image_icon_custom_padding=\u00bb25px|25px|25px|25px|false|false\u00bb text_orientation=\u00bbcenter\u00bb background_layout=\u00bbdark\u00bb custom_padding_tablet=\u00bb\u00bb custom_padding_phone=\u00bb||5%||false|false\u00bb custom_padding_last_edited=\u00bbon|phone\u00bb border_radii_image=\u00bbon|100%|100%|100%|100%\u00bb use_border_color=\u00bboff\u00bb border_color=\u00bb#ffffff\u00bb border_width=\u00bb1px\u00bb border_style=\u00bbsolid\u00bb use_circle=\u00bbon\u00bb circle_color=\u00bb#ffffff\u00bb locked=\u00bboff\u00bb global_colors_info=\u00bb{}\u00bb image_icon_background_color__sticky_enabled=\u00bb#e1be6a\u00bb image_icon_background_color__sticky=\u00bb#e1be6a\u00bb][\/et_pb_blurb][\/et_pb_column][et_pb_column type=\u00bb1_5&#8243; _builder_version=\u00bb4.16&#8243; custom_padding=\u00bb|||\u00bb global_colors_info=\u00bb{}\u00bb custom_padding__hover=\u00bb|||\u00bb][\/et_pb_column][\/et_pb_row][\/et_pb_section]<\/p>\n","protected":false},"excerpt":{"rendered":"<p>Descubre el potencial de nuestros dise\u00f1os atractivos con nuestros excelentes servicios de dise\u00f1o gr\u00e1fico en Mallorca. Cu\u00e9ntanos sobre tu empresa y crearemos una marca s\u00f3lida gracias a nuestra visi\u00f3n y creatividad. Desde un logotipo llamativo hasta dise\u00f1os para redes sociales, boletines informativos, presentaciones, tarjetas de visita y plantillas corporativas, nuestro incre\u00edble equipo aporta creatividad y experiencia a cada proyecto Trabajaremos estrechamente contigo para entender tu visi\u00f3n y crear dise\u00f1os que dejen una impresi\u00f3n y aumenten tu visibilidad. Te ayudamos a fortalecer la identidad de tu marca y destacarte con nuestras soluciones de dise\u00f1o gr\u00e1fico a medida. Hagamos realidad tus ideas y hagamos una declaraci\u00f3n audaz en Mallorca y m\u00e1s all\u00e1. \u00a1Imagination is the beginning of creation!<\/p>\n","protected":false},"author":3,"featured_media":30805,"parent":0,"menu_order":0,"comment_status":"closed","ping_status":"closed","template":"","meta":{"_acf_changed":false,"_et_pb_use_builder":"on","_et_pb_old_content":"","_et_gb_content_width":"","footnotes":""},"class_list":["post-30933","page","type-page","status-publish","has-post-thumbnail","hentry"],"acf":[],"_links":{"self":[{"href":"https:\/\/crearte.studio\/es\/wp-json\/wp\/v2\/pages\/30933","targetHints":{"allow":["GET"]}}],"collection":[{"href":"https:\/\/crearte.studio\/es\/wp-json\/wp\/v2\/pages"}],"about":[{"href":"https:\/\/crearte.studio\/es\/wp-json\/wp\/v2\/types\/page"}],"author":[{"embeddable":true,"href":"https:\/\/crearte.studio\/es\/wp-json\/wp\/v2\/users\/3"}],"replies":[{"embeddable":true,"href":"https:\/\/crearte.studio\/es\/wp-json\/wp\/v2\/comments?post=30933"}],"version-history":[{"count":47,"href":"https:\/\/crearte.studio\/es\/wp-json\/wp\/v2\/pages\/30933\/revisions"}],"predecessor-version":[{"id":33060,"href":"https:\/\/crearte.studio\/es\/wp-json\/wp\/v2\/pages\/30933\/revisions\/33060"}],"wp:featuredmedia":[{"embeddable":true,"href":"https:\/\/crearte.studio\/es\/wp-json\/wp\/v2\/media\/30805"}],"wp:attachment":[{"href":"https:\/\/crearte.studio\/es\/wp-json\/wp\/v2\/media?parent=30933"}],"curies":[{"name":"wp","href":"https:\/\/api.w.org\/{rel}","templated":true}]}}